{"id":2570,"date":"2022-03-21T13:28:50","date_gmt":"2022-03-21T13:28:50","guid":{"rendered":"https:\/\/iaac.dev.madsys.com\/forestcity-3\/?page_id=2570"},"modified":"2022-06-20T10:51:17","modified_gmt":"2022-06-20T10:51:17","slug":"inicio","status":"publish","type":"page","link":"https:\/\/bcneuforestcity2022.org\/es\/","title":{"rendered":"Inicio"},"content":{"rendered":"<section class=\"wpb-content-wrapper\"><p>[vc_section full_width=\u00bbstretch_row\u00bb el_class=\u00bbmain-banner\u00bb][vc_row full_width=\u00bbstretch_row_content\u00bb content_placement=\u00bbmiddle\u00bb][vc_column]\n\t\t\t<!-- START Home Slider 1 REVOLUTION SLIDER 6.6.12 --><p class=\"rs-p-wp-fix\"><\/p>\n\t\t\t<rs-module-wrap id=\"rev_slider_1_1_wrapper\" data-source=\"gallery\" style=\"visibility:hidden;background:transparent;padding:0;margin:0px auto;margin-top:0;margin-bottom:0;\">\n\t\t\t\t<rs-module id=\"rev_slider_1_1\" style=\"\" data-version=\"6.6.12\">\n\t\t\t\t\t<rs-slides style=\"overflow: hidden; position: absolute;\">\n\t\t\t\t\t\t<rs-slide style=\"position: absolute;\" data-key=\"rs-1\" data-title=\"Slide\" data-anim=\"adpr:false;ms:2000ms;\" data-in=\"o:0;\" data-out=\"a:false;\">\n\t\t\t\t\t\t\t<img src=\"\/\/bcneuforestcity2022.org\/wp-content\/plugins\/revslider\/public\/assets\/assets\/dummy.png\" alt=\"\" title=\"bcn_0001\" width=\"1920\" height=\"800\" class=\"rev-slidebg tp-rs-img rs-lazyload\" data-lazyload=\"\/\/bcneuforestcity2022.org\/wp-content\/uploads\/2022\/03\/bcn_0001.jpg\" data-no-retina>\n<!---->\t\t\t\t\t\t<\/rs-slide>\n\t\t\t\t\t\t<rs-slide style=\"position: absolute;\" data-key=\"rs-2\" data-title=\"Slide\" data-anim=\"adpr:false;\" data-in=\"o:0;\" data-out=\"a:false;\">\n\t\t\t\t\t\t\t<img src=\"\/\/bcneuforestcity2022.org\/wp-content\/plugins\/revslider\/public\/assets\/assets\/dummy.png\" alt=\"\" title=\"bcn_0002\" width=\"1920\" height=\"801\" class=\"rev-slidebg tp-rs-img rs-lazyload\" data-lazyload=\"\/\/bcneuforestcity2022.org\/wp-content\/uploads\/2022\/03\/bcn_0002.jpg\" data-no-retina>\n<!---->\t\t\t\t\t\t<\/rs-slide>\n\t\t\t\t\t\t<rs-slide style=\"position: absolute;\" data-key=\"rs-3\" data-title=\"Slide\" data-anim=\"adpr:false;\" data-in=\"o:0;\" data-out=\"a:false;\">\n\t\t\t\t\t\t\t<img src=\"\/\/bcneuforestcity2022.org\/wp-content\/plugins\/revslider\/public\/assets\/assets\/dummy.png\" alt=\"\" title=\"bcn_0003\" width=\"1920\" height=\"800\" class=\"rev-slidebg tp-rs-img rs-lazyload\" data-lazyload=\"\/\/bcneuforestcity2022.org\/wp-content\/uploads\/2022\/03\/bcn_0003.jpg\" data-no-retina>\n<!---->\t\t\t\t\t\t<\/rs-slide>\n\t\t\t\t\t\t<rs-slide style=\"position: absolute;\" data-key=\"rs-4\" data-title=\"Slide\" data-anim=\"adpr:false;\" data-in=\"o:0;\" data-out=\"a:false;\">\n\t\t\t\t\t\t\t<img src=\"\/\/bcneuforestcity2022.org\/wp-content\/plugins\/revslider\/public\/assets\/assets\/dummy.png\" alt=\"\" title=\"bcn_0004\" width=\"1920\" height=\"800\" class=\"rev-slidebg tp-rs-img rs-lazyload\" data-lazyload=\"\/\/bcneuforestcity2022.org\/wp-content\/uploads\/2022\/03\/bcn_0004.jpg\" data-no-retina>\n<!---->\t\t\t\t\t\t<\/rs-slide>\n\t\t\t\t\t<\/rs-slides>\n\t\t\t\t<\/rs-module>\n\t\t\t\t<script>\n\t\t\t\t\tsetREVStartSize({c: 'rev_slider_1_1',rl:[1240,1024,778,480],el:[800,768,960,720],gw:[1380,1024,778,480],gh:[800,800,800,800],type:'standard',justify:'',layout:'fullwidth',mh:\"0\"});if (window.RS_MODULES!==undefined && window.RS_MODULES.modules!==undefined && window.RS_MODULES.modules[\"revslider11\"]!==undefined) {window.RS_MODULES.modules[\"revslider11\"].once = false;window.revapi1 = undefined;if (window.RS_MODULES.checkMinimal!==undefined) window.RS_MODULES.checkMinimal()}\n\t\t\t\t<\/script>\n\t\t\t<\/rs-module-wrap>\n\t\t\t<!-- END REVOLUTION SLIDER -->\n[\/vc_column][\/vc_row][vc_row full_width=\u00bbstretch_row\u00bb gap=\u00bb20&#8243; equal_height=\u00bbyes\u00bb content_placement=\u00bbtop\u00bb el_class=\u00bbrow-main-text\u00bb css=\u00bb.vc_custom_1647600274290{background-position: 0 0 !important;background-repeat: no-repeat !important;}\u00bb][vc_column width=\u00bb1\/2&#8243; el_class=\u00bbmain-banner_col-info\u00bb][vc_single_image image=\u00bb2413&#8243; img_size=\u00bb335&#215;450&#8243; alignment=\u00bbright\u00bb el_class=\u00bbimage-desktop\u00bb][vc_single_image image=\u00bb2413&#8243; img_size=\u00bb177&#215;225&#8243; alignment=\u00bbright\u00bb el_class=\u00bbimage-movil\u00bb css=\u00bb.vc_custom_1655722151407{margin-bottom: -35px !important;}\u00bb][\/vc_column][vc_column width=\u00bb1\/2&#8243;][vc_column_text el_class=\u00bbmain-text\u00bb]<strong>Barcelona<\/strong> ha sido reconocida como <strong>Ciudad Europea del Bosque 2022<\/strong> y acoger\u00e1 la conferencia anual de 2022 del<strong> European Forest Institute.<\/strong>[\/vc_column_text][vc_empty_space height=\u00bb60px\u00bb][vc_raw_html]JTNDZGl2JTIwY2xhc3MlM0QlMjJtYWRfYnRuLXByaW1hcnklMjIlMjBzdHlsZSUzRCUyMm1hcmdpbi1sZWZ0JTNBMCUzQiUyMGRpc3BsYXklM0Fub25lJTNCJTIyJTNFJTNDYSUyMGhyZWYlM0QlMjJodHRwcyUzQSUyRiUyRmJjbmV1Zm9yZXN0Y2l0eTIwMjIub3JnJTJGZXMlMkZldmVudCUyRmJpb2JsaXR6LWNvbGxzZXJvbGElMkYlMjN3cGNmNy1mMzI4Ni1wMjc1Mi1vMSUyMiUzRVJlZyVDMyVBRHN0cmF0ZSUyMGFxdSVDMyVBRCUzQyUyRmElM0UlM0MlMkZkaXYlM0U=[\/vc_raw_html][\/vc_column][\/vc_row][vc_row full_width=\u00bbstretch_row_content\u00bb gap=\u00bb20&#8243; equal_height=\u00bbyes\u00bb content_placement=\u00bbtop\u00bb el_class=\u00bbrow-logos\u00bb css=\u00bb.vc_custom_1647250743715{background-color: #ffffff !important;background-position: 0 0 !important;background-repeat: no-repeat !important;}\u00bb][vc_column css=\u00bb.vc_custom_1647251143810{padding-top: 0px !important;}\u00bb][vc_single_image image=\u00bb2452&#8243; img_size=\u00bbmedium\u00bb alignment=\u00bbcenter\u00bb][vc_empty_space height=\u00bb50px\u00bb el_class=\u00bbseparador\u00bb][vc_single_image image=\u00bb2468&#8243; img_size=\u00bbmedium\u00bb alignment=\u00bbcenter\u00bb][vc_empty_space height=\u00bb50px\u00bb el_class=\u00bbseparador\u00bb][vc_single_image image=\u00bb2458&#8243; img_size=\u00bbmedium\u00bb alignment=\u00bbcenter\u00bb][vc_empty_space height=\u00bb50px\u00bb el_class=\u00bbseparador\u00bb][vc_single_image image=\u00bb2466&#8243; img_size=\u00bbmedium\u00bb alignment=\u00bbcenter\u00bb][vc_empty_space height=\u00bb50px\u00bb el_class=\u00bbseparador\u00bb][vc_single_image image=\u00bb2460&#8243; img_size=\u00bbmedium\u00bb alignment=\u00bbcenter\u00bb][vc_empty_space height=\u00bb50px\u00bb el_class=\u00bbseparador\u00bb][vc_single_image image=\u00bb2464&#8243; img_size=\u00bbmedium\u00bb alignment=\u00bbcenter\u00bb][vc_empty_space height=\u00bb50px\u00bb el_class=\u00bbseparador\u00bb][vc_single_image image=\u00bb2456&#8243; img_size=\u00bbmedium\u00bb alignment=\u00bbcenter\u00bb][vc_empty_space height=\u00bb50px\u00bb el_class=\u00bbseparador\u00bb][vc_single_image image=\u00bb2462&#8243; img_size=\u00bbmedium\u00bb alignment=\u00bbcenter\u00bb][vc_empty_space height=\u00bb50px\u00bb el_class=\u00bbseparador\u00bb][vc_single_image image=\u00bb2454&#8243; img_size=\u00bbmedium\u00bb alignment=\u00bbcenter\u00bb][\/vc_column][\/vc_row][\/vc_section][vc_row css=\u00bb.vc_custom_1647600081015{padding-top: 100px !important;}\u00bb el_class=\u00bbno-mobile\u00bb][vc_column width=\u00bb1\/2&#8243;][vc_column_text el_class=\u00bbtext-big\u00bb]<\/p>\n<h1 style=\"text-align: left;\">Barcelona Ciudad<br \/>\nEuropea del Bosque 2022<\/h1>\n<p>[\/vc_column_text][\/vc_column][vc_column width=\u00bb1\/2&#8243;][\/vc_column][\/vc_row][vc_row css=\u00bb.vc_custom_1647600180227{padding-top: 50px !important;}\u00bb el_class=\u00bbno-desktop\u00bb][vc_column width=\u00bb1\/2&#8243;][vc_column_text el_class=\u00bbtext-big\u00bb]<\/p>\n<h1 style=\"text-align: left;\">Barcelona Ciudad<br \/>\nEuropea del Bosque 2022<\/h1>\n<p>[\/vc_column_text][\/vc_column][vc_column width=\u00bb1\/2&#8243;][\/vc_column][\/vc_row][vc_row][vc_column width=\u00bb1\/2&#8243;][\/vc_column][vc_column width=\u00bb1\/2&#8243;][vc_column_text el_class=\u00bbtext-big\u00bb]Barcelona y su \u00e1rea metropolitana ha sido galardonada con el t\u00edtulo de Ciudad Europea del Bosque 2022.<\/p>\n<p>Con este reconocimiento, el European Forest Institute destaca la gesti\u00f3n de la ciudad en relaci\u00f3n con las actividades en pro de la conservaci\u00f3n y el desarrollo de las \u00e1reas forestales, as\u00ed como la investigaci\u00f3n de un nuevo modelo urbano que desarrolla soluciones basadas en la naturaleza.<\/p>\n<p>En este marco, la ciudad de Barcelona fomentar\u00e1 la participaci\u00f3n p\u00fablica en actividades relacionadas con el tema de reflexi\u00f3n de este a\u00f1o: Bioeconom\u00eda para Ciudades: C\u00f3mo las Biociudades circulares pueden transformar la forma en que vivimos en el planeta.[\/vc_column_text][\/vc_column][\/vc_row][vc_row][vc_column][vc_column_text]<\/p>\n<div style=\"width: 1200px;\" class=\"wp-video\"><!--[if lt IE 9]><script>document.createElement('video');<\/script><![endif]-->\n<video class=\"wp-video-shortcode\" id=\"video-2570-1\" width=\"1200\" height=\"0\" loop=\"1\" autoplay=\"1\" preload=\"metadata\" controls=\"controls\"><source type=\"video\/mp4\" src=\"https:\/\/bcneuforestcity2022.org\/wp-content\/uploads\/2022\/03\/CiutatEuropea2022_landscape.mp4?_=1\" \/><a href=\"https:\/\/bcneuforestcity2022.org\/wp-content\/uploads\/2022\/03\/CiutatEuropea2022_landscape.mp4\">https:\/\/bcneuforestcity2022.org\/wp-content\/uploads\/2022\/03\/CiutatEuropea2022_landscape.mp4<\/a><\/video><\/div>\n<p>[\/vc_column_text][\/vc_column][\/vc_row]<\/p>\n<\/section>","protected":false},"excerpt":{"rendered":"<p>[vc_section full_width=\u00bbstretch_row\u00bb el_class=\u00bbmain-banner\u00bb][vc_row full_width=\u00bbstretch_row_content\u00bb content_placement=\u00bbmiddle\u00bb][vc_column][\/vc_column][\/vc_row][vc_row full_width=\u00bbstretch_row\u00bb gap=\u00bb20&#8243; equal_height=\u00bbyes\u00bb content_placement=\u00bbtop\u00bb el_class=\u00bbrow-main-text\u00bb css=\u00bb.vc_custom_1647600274290{background-position: 0 0 !important;background-repeat: no-repeat !important;}\u00bb][vc_column width=\u00bb1\/2&#8243; el_class=\u00bbmain-banner_col-info\u00bb][vc_single_image image=\u00bb2413&#8243; img_size=\u00bb335&#215;450&#8243; alignment=\u00bbright\u00bb el_class=\u00bbimage-desktop\u00bb][vc_single_image image=\u00bb2413&#8243; img_size=\u00bb177&#215;225&#8243; alignment=\u00bbright\u00bb el_class=\u00bbimage-movil\u00bb css=\u00bb.vc_custom_1655722151407{margin-bottom: -35px !important;}\u00bb][\/vc_column][vc_column width=\u00bb1\/2&#8243;][vc_column_text el_class=\u00bbmain-text\u00bb]Barcelona ha sido reconocida como Ciudad Europea del Bosque 2022 y acoger\u00e1 la conferencia anual de 2022 del European Forest Institute.[\/vc_column_text][vc_empty_space height=\u00bb60px\u00bb][vc_raw_html]JTNDZGl2JTIwY2xhc3MlM0QlMjJtYWRfYnRuLXByaW1hcnklMjIlMjBzdHlsZSUzRCUyMm1hcmdpbi1sZWZ0JTNBMCUzQiUyMGRpc3BsYXklM0Fub25lJTNCJTIyJTNFJTNDYSUyMGhyZWYlM0QlMjJodHRwcyUzQSUyRiUyRmJjbmV1Zm9yZXN0Y2l0eTIwMjIub3JnJTJGZXMlMkZldmVudCUyRmJpb2JsaXR6LWNvbGxzZXJvbGElMkYlMjN3cGNmNy1mMzI4Ni1wMjc1Mi1vMSUyMiUzRVJlZyVDMyVBRHN0cmF0ZSUyMGFxdSVDMyVBRCUzQyUyRmElM0UlM0MlMkZkaXYlM0U=[\/vc_raw_html][\/vc_column][\/vc_row][vc_row full_width=\u00bbstretch_row_content\u00bb gap=\u00bb20&#8243; equal_height=\u00bbyes\u00bb &#8230; <a title=\"Inicio\" class=\"read-more\" href=\"https:\/\/bcneuforestcity2022.org\/es\/\" aria-label=\"M\u00e1s en Inicio\">Leer m\u00e1s<\/a><\/p>\n","protected":false},"author":2,"featured_media":0,"parent":0,"menu_order":0,"comment_status":"closed","ping_status":"closed","template":"","meta":[],"_links":{"self":[{"href":"https:\/\/bcneuforestcity2022.org\/es\/wp-json\/wp\/v2\/pages\/2570"}],"collection":[{"href":"https:\/\/bcneuforestcity2022.org\/es\/wp-json\/wp\/v2\/pages"}],"about":[{"href":"https:\/\/bcneuforestcity2022.org\/es\/wp-json\/wp\/v2\/types\/page"}],"author":[{"embeddable":true,"href":"https:\/\/bcneuforestcity2022.org\/es\/wp-json\/wp\/v2\/users\/2"}],"replies":[{"embeddable":true,"href":"https:\/\/bcneuforestcity2022.org\/es\/wp-json\/wp\/v2\/comments?post=2570"}],"version-history":[{"count":14,"href":"https:\/\/bcneuforestcity2022.org\/es\/wp-json\/wp\/v2\/pages\/2570\/revisions"}],"predecessor-version":[{"id":3519,"href":"https:\/\/bcneuforestcity2022.org\/es\/wp-json\/wp\/v2\/pages\/2570\/revisions\/3519"}],"wp:attachment":[{"href":"https:\/\/bcneuforestcity2022.org\/es\/wp-json\/wp\/v2\/media?parent=2570"}],"curies":[{"name":"wp","href":"https:\/\/api.w.org\/{rel}","templated":true}]}}